{"id":985,"date":"2025-09-04T18:39:22","date_gmt":"2025-09-04T18:39:22","guid":{"rendered":"https:\/\/ivfflorida.com\/?page_id=985"},"modified":"2025-09-23T19:48:58","modified_gmt":"2025-09-23T19:48:58","slug":"reserva-ovarica-disminuida","status":"publish","type":"page","link":"https:\/\/ivfflorida.com\/es\/start-your-journey\/causes-of-infertility\/diminished-ovarian-reserve\/","title":{"rendered":"Reserva ov\u00e1rica disminuida"},"content":{"rendered":"<div data-elementor-type=\"wp-page\" data-elementor-id=\"985\" class=\"elementor elementor-985\" data-elementor-post-type=\"page\">\n\t\t\t\t<div class=\"elementor-element elementor-element-10d4c159 e-flex e-con-boxed e-con e-parent\" data-id=\"10d4c159\" data-element_type=\"container\" data-e-type=\"container\" data-settings=\"{&quot;background_background&quot;:&quot;classic&quot;}\">\n\t\t\t\t\t<div class=\"e-con-inner\">\n\t\t<div class=\"elementor-element elementor-element-ff30c1b e-flex e-con-boxed e-con e-child\" data-id=\"ff30c1b\" data-element_type=\"container\" data-e-type=\"container\">\n\t\t\t\t\t<div class=\"e-con-inner\">\n\t\t<div class=\"elementor-element elementor-element-4d59da4c e-con-full e-flex e-con e-child\" data-id=\"4d59da4c\" data-element_type=\"container\" data-e-type=\"container\" data-settings=\"{&quot;background_background&quot;:&quot;classic&quot;}\">\n\t\t<div class=\"elementor-element elementor-element-57f3a5fe e-con-full e-flex e-con e-child\" data-id=\"57f3a5fe\" data-element_type=\"container\" data-e-type=\"container\">\n\t\t\t\t<div class=\"elementor-element elementor-element-3cb4be9f elementor-widget elementor-widget-heading\" data-id=\"3cb4be9f\" data-element_type=\"widget\" data-e-type=\"widget\" data-widget_type=\"heading.default\">\n\t\t\t\t\t<h1 class=\"elementor-heading-title elementor-size-default\">Disminuci\u00f3n de la reserva ov\u00e1rica<\/h1>\t\t\t\t<\/div>\n\t\t\t\t<div class=\"elementor-element elementor-element-3e88ed6 elementor-widget elementor-widget-text-editor\" data-id=\"3e88ed6\" data-element_type=\"widget\" data-e-type=\"widget\" data-widget_type=\"text-editor.default\">\n\t\t\t\t\t\t\t\t\t<p>La reserva ov\u00e1rica se refiere al n\u00famero y la calidad de los \u00f3vulos restantes de una persona. Una reserva ov\u00e1rica disminuida significa que la reserva de \u00f3vulos es menor de lo esperado para una edad determinada, lo que puede dificultar la concepci\u00f3n. Aunque se trata de una parte natural del envejecimiento, algunas personas experimentan una disminuci\u00f3n antes de lo previsto.<\/p><p>Si le han dicho que tiene una reserva ov\u00e1rica disminuida, no est\u00e1 sola y esto no significa que el embarazo est\u00e9 fuera de su alcance. Existen tratamientos eficaces y una actuaci\u00f3n precoz puede marcar una diferencia significativa en el camino hacia la fertilidad.<\/p>\t\t\t\t\t\t\t\t<\/div>\n\t\t\t\t<\/div>\n\t\t\t\t<\/div>\n\t\t\t\t\t<\/div>\n\t\t\t\t<\/div>\n\t\t\t\t\t<\/div>\n\t\t\t\t<\/div>\n\t\t<div class=\"elementor-element elementor-element-7072bb05 e-con-full e-flex e-con e-parent\" data-id=\"7072bb05\" data-element_type=\"container\" data-e-type=\"container\">\n\t\t<div class=\"elementor-element elementor-element-11e0b9a9 e-flex e-con-boxed e-con e-child\" data-id=\"11e0b9a9\" data-element_type=\"container\" data-e-type=\"container\">\n\t\t\t\t\t<div class=\"e-con-inner\">\n\t\t<div class=\"elementor-element elementor-element-7c004975 e-con-full e-flex e-con e-child\" data-id=\"7c004975\" data-element_type=\"container\" data-e-type=\"container\">\n\t\t<div class=\"elementor-element elementor-element-455a8f3c e-con-full e-flex e-con e-child\" data-id=\"455a8f3c\" data-element_type=\"container\" data-e-type=\"container\">\n\t\t<div class=\"elementor-element elementor-element-e458f28 e-con-full e-flex e-con e-child\" data-id=\"e458f28\" data-element_type=\"container\" data-e-type=\"container\">\n\t\t\t\t<div class=\"elementor-element elementor-element-4a77942c elementor-widget elementor-widget-image\" data-id=\"4a77942c\" data-element_type=\"widget\" data-e-type=\"widget\" data-widget_type=\"image.default\">\n\t\t\t\t\t\t\t\t\t\t\t\t\t\t\t<img fetchpriority=\"high\" decoding=\"async\" width=\"939\" height=\"233\" src=\"https:\/\/ivfflorida.com\/wp-content\/uploads\/2025\/09\/family-sunset-marquee.jpg\" class=\"attachment-full size-full wp-image-1205\" alt=\"\" srcset=\"https:\/\/ivfflorida.com\/wp-content\/uploads\/2025\/09\/family-sunset-marquee.jpg 939w, https:\/\/ivfflorida.com\/wp-content\/uploads\/2025\/09\/family-sunset-marquee-300x74.jpg 300w, https:\/\/ivfflorida.com\/wp-content\/uploads\/2025\/09\/family-sunset-marquee-768x191.jpg 768w\" sizes=\"(max-width: 939px) 100vw, 939px\" title=\"family-sunset-marquee - IVF Florida\" \/>\t\t\t\t\t\t\t\t\t\t\t\t\t\t\t<\/div>\n\t\t\t\t<\/div>\n\t\t<div class=\"elementor-element elementor-element-7b224cc8 e-con-full e-flex e-con e-child\" data-id=\"7b224cc8\" data-element_type=\"container\" data-e-type=\"container\" data-settings=\"{&quot;background_background&quot;:&quot;classic&quot;}\">\n\t\t<div class=\"elementor-element elementor-element-5131c9c2 e-con-full e-flex e-con e-child\" data-id=\"5131c9c2\" data-element_type=\"container\" data-e-type=\"container\">\n\t\t\t\t<div class=\"elementor-element elementor-element-5b4f9ab6 elementor-widget elementor-widget-heading\" data-id=\"5b4f9ab6\" data-element_type=\"widget\" data-e-type=\"widget\" data-widget_type=\"heading.default\">\n\t\t\t\t\t<h2 class=\"elementor-heading-title elementor-size-default\">\u00bfQu\u00e9 es la reserva ov\u00e1rica disminuida?<\/h2>\t\t\t\t<\/div>\n\t\t\t\t<\/div>\n\t\t<div class=\"elementor-element elementor-element-6239d3bd e-con-full e-flex e-con e-child\" data-id=\"6239d3bd\" data-element_type=\"container\" data-e-type=\"container\">\n\t\t\t\t<div class=\"elementor-element elementor-element-5d6e948a elementor-widget elementor-widget-text-editor\" data-id=\"5d6e948a\" data-element_type=\"widget\" data-e-type=\"widget\" data-widget_type=\"text-editor.default\">\n\t\t\t\t\t\t\t\t\t<p>Cada persona nace con todos los \u00f3vulos que tendr\u00e1. Con el tiempo, el n\u00famero de \u00f3vulos disminuye de forma natural. El DOR se produce cuando la cantidad o la calidad de los \u00f3vulos disminuye m\u00e1s r\u00e1pidamente o antes de lo esperado. Esto puede reducir las posibilidades de concebir, sobre todo si no se cuenta con apoyo para la fertilidad.<\/p><p>Aunque el DOR es m\u00e1s frecuente a partir de los 35 a\u00f1os, puede aparecer a cualquier edad y a menudo no presenta s\u00edntomas evidentes. En algunos casos, solo se descubre mediante pruebas de fertilidad.<\/p>\t\t\t\t\t\t\t\t<\/div>\n\t\t\t\t<\/div>\n\t\t\t\t<\/div>\n\t\t<div class=\"elementor-element elementor-element-77e3a7b5 e-con-full e-flex e-con e-child\" data-id=\"77e3a7b5\" data-element_type=\"container\" data-e-type=\"container\" data-settings=\"{&quot;background_background&quot;:&quot;classic&quot;}\">\n\t\t<div class=\"elementor-element elementor-element-5ea1742f e-con-full e-flex e-con e-child\" data-id=\"5ea1742f\" data-element_type=\"container\" data-e-type=\"container\">\n\t\t\t\t<div class=\"elementor-element elementor-element-767fbdd8 elementor-widget elementor-widget-heading\" data-id=\"767fbdd8\" data-element_type=\"widget\" data-e-type=\"widget\" data-widget_type=\"heading.default\">\n\t\t\t\t\t<h2 class=\"elementor-heading-title elementor-size-default\">\u00bfCu\u00e1les son las causas de la disminuci\u00f3n de la reserva ov\u00e1rica?<\/h2>\t\t\t\t<\/div>\n\t\t\t\t<\/div>\n\t\t<div class=\"elementor-element elementor-element-489ef838 e-con-full e-flex e-con e-child\" data-id=\"489ef838\" data-element_type=\"container\" data-e-type=\"container\">\n\t\t\t\t<div class=\"elementor-element elementor-element-738c6f13 elementor-widget elementor-widget-text-editor\" data-id=\"738c6f13\" data-element_type=\"widget\" data-e-type=\"widget\" data-widget_type=\"text-editor.default\">\n\t\t\t\t\t\t\t\t\t<p>La edad es el factor m\u00e1s com\u00fan en la disminuci\u00f3n de la reserva ov\u00e1rica, pero otras causas pueden ser:<\/p><ul><li><strong>Condiciones gen\u00e9ticas<\/strong> o anomal\u00edas cromos\u00f3micas<\/li><li><strong>Historia familiar<\/strong> de la menopausia precoz<\/li><li><strong>Trastornos autoinmunitarios<\/strong><\/li><li><strong>Cirug\u00eda ov\u00e1rica previa<\/strong> o tratamientos contra el c\u00e1ncer como quimioterapia o radioterapia<\/li><li><strong>Exposici\u00f3n ambiental<\/strong> a las toxinas o al humo del tabaco<\/li><\/ul><p>A veces, no existe una causa identificable, lo que puede hacer que el diagn\u00f3stico resulte inesperado o frustrante. Aun as\u00ed, muchas pacientes con DOR tienen embarazos sanos si reciben los cuidados adecuados.<\/p>\t\t\t\t\t\t\t\t<\/div>\n\t\t\t\t<\/div>\n\t\t\t\t<\/div>\n\t\t<div class=\"elementor-element elementor-element-3581f2b6 e-con-full e-flex e-con e-child\" data-id=\"3581f2b6\" data-element_type=\"container\" data-e-type=\"container\" data-settings=\"{&quot;background_background&quot;:&quot;classic&quot;}\">\n\t\t<div class=\"elementor-element elementor-element-3989b0c8 e-con-full e-flex e-con e-child\" data-id=\"3989b0c8\" data-element_type=\"container\" data-e-type=\"container\">\n\t\t\t\t<div class=\"elementor-element elementor-element-7835e50 elementor-widget elementor-widget-heading\" data-id=\"7835e50\" data-element_type=\"widget\" data-e-type=\"widget\" data-widget_type=\"heading.default\">\n\t\t\t\t\t<h2 class=\"elementor-heading-title elementor-size-default\">C\u00f3mo afecta la disminuci\u00f3n de la reserva ov\u00e1rica a la fertilidad<\/h2>\t\t\t\t<\/div>\n\t\t\t\t<\/div>\n\t\t<div class=\"elementor-element elementor-element-4ebdf65c e-con-full e-flex e-con e-child\" data-id=\"4ebdf65c\" data-element_type=\"container\" data-e-type=\"container\">\n\t\t\t\t<div class=\"elementor-element elementor-element-2463bca0 elementor-widget elementor-widget-text-editor\" data-id=\"2463bca0\" data-element_type=\"widget\" data-e-type=\"widget\" data-widget_type=\"text-editor.default\">\n\t\t\t\t\t\t\t\t\t<p>Una menor reserva de \u00f3vulos puede afectar tanto a la probabilidad de ovulaci\u00f3n como a la calidad de los \u00f3vulos restantes. A medida que disminuye la calidad de los \u00f3vulos, tambi\u00e9n lo hacen las posibilidades de fecundaci\u00f3n, implantaci\u00f3n y desarrollo sano del embri\u00f3n.<\/p><h3>Entre los retos habituales asociados al DOR se incluyen:<\/h3><ul><li aria-level=\"1\">Ciclos menstruales irregulares o de menor duraci\u00f3n<\/li><li aria-level=\"1\">Menor respuesta a los medicamentos para la fertilidad<\/li><li aria-level=\"1\">Mayor probabilidad de aborto espont\u00e1neo, especialmente a medida que aumenta la edad<\/li><\/ul><p>Incluso con menos \u00f3vulos, es posible un tratamiento exitoso, y la clave es un enfoque personalizado.<\/p>\t\t\t\t\t\t\t\t<\/div>\n\t\t\t\t<\/div>\n\t\t\t\t<\/div>\n\t\t<div class=\"elementor-element elementor-element-a5f7e59 e-con-full e-flex e-con e-child\" data-id=\"a5f7e59\" data-element_type=\"container\" data-e-type=\"container\" data-settings=\"{&quot;background_background&quot;:&quot;classic&quot;}\">\n\t\t<div class=\"elementor-element elementor-element-00468c4 e-con-full e-flex e-con e-child\" data-id=\"00468c4\" data-element_type=\"container\" data-e-type=\"container\">\n\t\t\t\t<div class=\"elementor-element elementor-element-aeeecfc elementor-widget elementor-widget-heading\" data-id=\"aeeecfc\" data-element_type=\"widget\" data-e-type=\"widget\" data-widget_type=\"heading.default\">\n\t\t\t\t\t<h2 class=\"elementor-heading-title elementor-size-default\">C\u00f3mo se diagnostica la reserva ov\u00e1rica disminuida<\/h2>\t\t\t\t<\/div>\n\t\t\t\t<\/div>\n\t\t<div class=\"elementor-element elementor-element-b9531e0 e-con-full e-flex e-con e-child\" data-id=\"b9531e0\" data-element_type=\"container\" data-e-type=\"container\">\n\t\t\t\t<div class=\"elementor-element elementor-element-7f6400d elementor-widget elementor-widget-text-editor\" data-id=\"7f6400d\" data-element_type=\"widget\" data-e-type=\"widget\" data-widget_type=\"text-editor.default\">\n\t\t\t\t\t\t\t\t\t<h3>Su especialista en fertilidad puede recomendarle una serie de pruebas para evaluar la reserva ov\u00e1rica. Entre ellas se incluyen:<\/h3><ul><li aria-level=\"1\">Hormona antim\u00fclleriana (HAM): Hormona producida por los ovarios que refleja el n\u00famero de fol\u00edculos restantes.<\/li><li aria-level=\"1\">Recuento de fol\u00edculos antrales (AFC): Ecograf\u00eda que cuenta los peque\u00f1os fol\u00edculos en reposo de los ovarios al principio del ciclo.<\/li><li aria-level=\"1\">Niveles de hormona foliculoestimulante (FSH) y estradiol (E2): Medidos al principio del ciclo menstrual para evaluar c\u00f3mo se comunican el cerebro y los ovarios.<\/li><\/ul><p>Estas pruebas ayudan a orientar el tratamiento, no s\u00f3lo confirmando la DOR, sino ayudando al equipo m\u00e9dico a adaptar el plan en funci\u00f3n de la respuesta del organismo.<\/p>\t\t\t\t\t\t\t\t<\/div>\n\t\t\t\t<\/div>\n\t\t\t\t<\/div>\n\t\t<div class=\"elementor-element elementor-element-5a9c648 e-con-full e-flex e-con e-child\" data-id=\"5a9c648\" data-element_type=\"container\" data-e-type=\"container\" data-settings=\"{&quot;background_background&quot;:&quot;classic&quot;}\">\n\t\t<div class=\"elementor-element elementor-element-3c6c2cb e-con-full e-flex e-con e-child\" data-id=\"3c6c2cb\" data-element_type=\"container\" data-e-type=\"container\">\n\t\t\t\t<div class=\"elementor-element elementor-element-a086c01 elementor-widget elementor-widget-heading\" data-id=\"a086c01\" data-element_type=\"widget\" data-e-type=\"widget\" data-widget_type=\"heading.default\">\n\t\t\t\t\t<h2 class=\"elementor-heading-title elementor-size-default\">Opciones de tratamiento para la reserva ov\u00e1rica disminuida<\/h2>\t\t\t\t<\/div>\n\t\t\t\t<\/div>\n\t\t<div class=\"elementor-element elementor-element-5ac5386 e-con-full e-flex e-con e-child\" data-id=\"5ac5386\" data-element_type=\"container\" data-e-type=\"container\">\n\t\t\t\t<div class=\"elementor-element elementor-element-23502db elementor-widget elementor-widget-text-editor\" data-id=\"23502db\" data-element_type=\"widget\" data-e-type=\"widget\" data-widget_type=\"text-editor.default\">\n\t\t\t\t\t\t\t\t\t<h3>No hay forma de aumentar la cantidad de \u00f3vulos, pero el tratamiento puede mejorar las posibilidades de embarazo. Las opciones pueden incluir:<\/h3><ul><li aria-level=\"1\">Inducci\u00f3n de la ovulaci\u00f3n con IIU: Puede ser apropiado para algunas pacientes con DOR leve y buena respuesta ov\u00e1rica.<\/li><li aria-level=\"1\">Fecundaci\u00f3n in vitro (FIV): Permite un mayor control sobre la estimulaci\u00f3n de \u00f3vulos y la selecci\u00f3n de embriones. Suele ser la opci\u00f3n m\u00e1s eficaz para la DOR.<\/li><li aria-level=\"1\">Pruebas gen\u00e9ticas preimplantacionales (PGT-A): Ayuda a identificar embriones cromos\u00f3micamente normales para su transferencia.<\/li><li aria-level=\"1\">FIV con \u00f3vulos de donante: Puede recomendarse cuando se dispone de muy pocos \u00f3vulos viables o ninguno.<\/li><\/ul><p>Algunas personas tambi\u00e9n se plantean la congelaci\u00f3n de \u00f3vulos para preservar la fertilidad a una edad m\u00e1s temprana, especialmente si el DOR se diagnostica precozmente. Se trata de una opci\u00f3n excelente para algunas pacientes que a\u00fan no est\u00e1n preparadas para tener hijos, pero quieren intentar preservar su fertilidad en el futuro.<\/p><p>IVF Florida ofrece pruebas exhaustivas y orientaci\u00f3n experta para ayudarle a tomar decisiones seguras sobre sus pr\u00f3ximos pasos, ahora y en el futuro.<\/p>\t\t\t\t\t\t\t\t<\/div>\n\t\t\t\t<div class=\"elementor-element elementor-element-9f42741 elementor-widget__width-auto elementor-widget elementor-widget-button\" data-id=\"9f42741\" data-element_type=\"widget\" data-e-type=\"widget\" data-widget_type=\"button.default\">\n\t\t\t\t\t\t\t\t\t\t<a class=\"elementor-button elementor-button-link elementor-size-sm\" href=\"\/es\/concertar-cita\/\">\n\t\t\t\t\t\t<span class=\"elementor-button-content-wrapper\">\n\t\t\t\t\t\t\t\t\t<span class=\"elementor-button-text\">Solicitar una cita<\/span>\n\t\t\t\t\t<\/span>\n\t\t\t\t\t<\/a>\n\t\t\t\t\t\t\t\t<\/div>\n\t\t\t\t<\/div>\n\t\t\t\t<\/div>\n\t\t\t\t<\/div>\n\t\t<div class=\"elementor-element elementor-element-1b3fd7a6 e-con-full e-flex e-con e-child\" data-id=\"1b3fd7a6\" data-element_type=\"container\" data-e-type=\"container\">\n\t\t<div class=\"elementor-element elementor-element-5ca7a0e e-con-full e-flex e-con e-child\" data-id=\"5ca7a0e\" data-element_type=\"container\" data-e-type=\"container\" data-settings=\"{&quot;background_background&quot;:&quot;classic&quot;}\">\n\t\t<div class=\"elementor-element elementor-element-4eb89bda e-con-full e-flex e-con e-child\" data-id=\"4eb89bda\" data-element_type=\"container\" data-e-type=\"container\">\n\t\t\t\t<div class=\"elementor-element elementor-element-1ec494b4 elementor-widget elementor-widget-text-editor\" data-id=\"1ec494b4\" data-element_type=\"widget\" data-e-type=\"widget\" data-widget_type=\"text-editor.default\">\n\t\t\t\t\t\t\t\t\t<p><span style=\"font-weight: 400;\">Sin el Dr. Gualtieri y su incre\u00edble equipo, no tendr\u00edamos a nuestra dulce ni\u00f1a. Nunca podr\u00e9 agradecerle lo suficiente que nos haya ayudado. Muchas gracias tambi\u00e9n a su equipo. Sin esas encantadoras se\u00f1oras, no s\u00e9 si habr\u00eda podido seguir adelante durante el tiempo que nos llev\u00f3 concebir. Estamos m\u00e1s que agradecidos y bendecidos.<\/span><\/p>\t\t\t\t\t\t\t\t<\/div>\n\t\t\t\t<\/div>\n\t\t\t\t<\/div>\n\t\t<div class=\"elementor-element elementor-element-164a7751 e-con-full interior-helpful-resources-column e-flex e-con e-child\" data-id=\"164a7751\" data-element_type=\"container\" data-e-type=\"container\" data-settings=\"{&quot;background_background&quot;:&quot;classic&quot;}\">\n\t\t\t\t<div class=\"elementor-element elementor-element-1ef624fa elementor-widget elementor-widget-heading\" data-id=\"1ef624fa\" data-element_type=\"widget\" data-e-type=\"widget\" data-widget_type=\"heading.default\">\n\t\t\t\t\t<h5 class=\"elementor-heading-title elementor-size-default\">Recursos \u00fatiles<\/h5>\t\t\t\t<\/div>\n\t\t\t\t<div class=\"elementor-element elementor-element-5903fa88 elementor-widget elementor-widget-text-editor\" data-id=\"5903fa88\" data-element_type=\"widget\" data-e-type=\"widget\" data-widget_type=\"text-editor.default\">\n\t\t\t\t\t\t\t\t\t<ul><li><a href=\"\/es\/comienza-tu-viaje\/cuando-acudir-a-un-especialista-en-fertilidad\/\">Cu\u00e1ndo acudir a un especialista en fertilidad\u00a0<\/a><\/li><li><a href=\"\/es\/comienza-tu-viaje\/su-primera-visita\/\">Su primera cita<\/a>\u00a0<\/li><li><a href=\"\/es\/comienza-tu-viaje\/causas-de-infertilidad\/\">Causas de la infertilidad <\/a><\/li><\/ul>\t\t\t\t\t\t\t\t<\/div>\n\t\t\t\t<\/div>\n\t\t\t\t<\/div>\n\t\t\t\t<\/div>\n\t\t\t\t\t<\/div>\n\t\t\t\t<\/div>\n\t\t\t\t<\/div>\n\t\t\t\t<\/div>","protected":false},"excerpt":{"rendered":"<p>Reserva ov\u00e1rica disminuida La reserva ov\u00e1rica se refiere al n\u00famero y la calidad de los \u00f3vulos restantes de una persona. La reserva ov\u00e1rica disminuida (RDO) significa que el suministro de \u00f3vulos es inferior al esperado para una edad determinada, lo que puede dificultar la concepci\u00f3n....<\/p>","protected":false},"author":2,"featured_media":0,"parent":463,"menu_order":0,"template":"","meta":{"_acf_changed":false,"footnotes":""},"class_list":["post-985","page","type-page","status-publish","hentry"],"acf":[],"aioseo_notices":[],"_links":{"self":[{"href":"https:\/\/ivfflorida.com\/es\/wp-json\/wp\/v2\/pages\/985","targetHints":{"allow":["GET"]}}],"collection":[{"href":"https:\/\/ivfflorida.com\/es\/wp-json\/wp\/v2\/pages"}],"about":[{"href":"https:\/\/ivfflorida.com\/es\/wp-json\/wp\/v2\/types\/page"}],"author":[{"embeddable":true,"href":"https:\/\/ivfflorida.com\/es\/wp-json\/wp\/v2\/users\/2"}],"replies":[{"embeddable":true,"href":"https:\/\/ivfflorida.com\/es\/wp-json\/wp\/v2\/comments?post=985"}],"version-history":[{"count":12,"href":"https:\/\/ivfflorida.com\/es\/wp-json\/wp\/v2\/pages\/985\/revisions"}],"predecessor-version":[{"id":2386,"href":"https:\/\/ivfflorida.com\/es\/wp-json\/wp\/v2\/pages\/985\/revisions\/2386"}],"up":[{"embeddable":true,"href":"https:\/\/ivfflorida.com\/es\/wp-json\/wp\/v2\/pages\/463"}],"wp:attachment":[{"href":"https:\/\/ivfflorida.com\/es\/wp-json\/wp\/v2\/media?parent=985"}],"curies":[{"name":"wp","href":"https:\/\/api.w.org\/{rel}","templated":true}]}}